{"version":"1.0","provider_name":"ANBA","provider_url":"https:\/\/smtp224.allytech.com\/~uv030373","author_name":"anba.2014","author_url":"https:\/\/smtp224.allytech.com\/~uv030373\/author\/anba-2014\/","title":"Fundaci\u00f3n Federico Jorge Klemm - ANBA","type":"rich","width":600,"height":338,"html":"<blockquote class=\"wp-embedded-content\" data-secret=\"p6Xof1hT9C\"><a href=\"https:\/\/smtp224.allytech.com\/~uv030373\/institucion-relacion\/fundacion-federico-jorge-klemm\/\">Fundaci\u00f3n Federico Jorge Klemm<\/a><\/blockquote><iframe sandbox=\"allow-scripts\" security=\"restricted\" src=\"https:\/\/smtp224.allytech.com\/~uv030373\/institucion-relacion\/fundacion-federico-jorge-klemm\/embed\/#?secret=p6Xof1hT9C\" width=\"600\" height=\"338\" title=\"\u00abFundaci\u00f3n Federico Jorge Klemm\u00bb \u2014 ANBA\" data-secret=\"p6Xof1hT9C\" frameborder=\"0\" marginwidth=\"0\" marginheight=\"0\" scrolling=\"no\" class=\"wp-embedded-content\"><\/iframe><script type=\"text\/javascript\">\n\/*! This file is auto-generated *\/\n!function(c,d){\"use strict\";var e=!1,o=!1;if(d.querySelector)if(c.addEventListener)e=!0;if(c.wp=c.wp||{},!c.wp.receiveEmbedMessage)if(c.wp.receiveEmbedMessage=function(e){var t=e.data;if(t)if(t.secret||t.message||t.value)if(!\/[^a-zA-Z0-9]\/.test(t.secret)){for(var r,a,i,s=d.querySelectorAll('iframe[data-secret=\"'+t.secret+'\"]'),n=d.querySelectorAll('blockquote[data-secret=\"'+t.secret+'\"]'),o=0;o<n.length;o++)n[o].style.display=\"none\";for(o=0;o<s.length;o++)if(r=s[o],e.source===r.contentWindow){if(r.removeAttribute(\"style\"),\"height\"===t.message){if(1e3<(i=parseInt(t.value,10)))i=1e3;else if(~~i<200)i=200;r.height=i}if(\"link\"===t.message)if(a=d.createElement(\"a\"),i=d.createElement(\"a\"),a.href=r.getAttribute(\"src\"),i.href=t.value,i.host===a.host)if(d.activeElement===r)c.top.location.href=t.value}}},e)c.addEventListener(\"message\",c.wp.receiveEmbedMessage,!1),d.addEventListener(\"DOMContentLoaded\",t,!1),c.addEventListener(\"load\",t,!1);function t(){if(!o){o=!0;for(var e,t,r,a=-1!==navigator.appVersion.indexOf(\"MSIE 10\"),i=!!navigator.userAgent.match(\/Trident.*rv:11\\.\/),s=d.querySelectorAll(\"iframe.wp-embedded-content\"),n=0;n<s.length;n++){if(!(r=(t=s[n]).getAttribute(\"data-secret\")))r=Math.random().toString(36).substr(2,10),t.src+=\"#?secret=\"+r,t.setAttribute(\"data-secret\",r);if(a||i)(e=t.cloneNode(!0)).removeAttribute(\"security\"),t.parentNode.replaceChild(e,t);t.contentWindow.postMessage({message:\"ready\",secret:r},\"*\")}}}}(window,document);\n<\/script>\n","description":"En 1995, en ocasi\u00f3n de inaugurar la fundaci\u00f3n, manifestamos que nuestro principal esfuerzo iba dirigido hacia la proyecci\u00f3n global del arte contempor\u00e1neo en la Argentina, dentro de una \u00e9poca de crisis de los valores \u00e9ticos, morales y espirituales, donde se van diluyendo los c\u00e1nones tradicionales del arte. En su devenir de estos \u00faltimos 500 a\u00f1os, [&hellip;]","thumbnail_url":"https:\/\/smtp224.allytech.com\/~uv030373\/wp-content\/uploads\/2014\/07\/anba-logo.jpg","thumbnail_width":350,"thumbnail_height":350}